{"id":2946,"date":"2021-01-27T19:48:21","date_gmt":"2021-01-27T18:48:21","guid":{"rendered":"https:\/\/its-norway.no\/?post_type=arrangementer&#038;p=2946"},"modified":"2021-02-17T13:11:28","modified_gmt":"2021-02-17T12:11:28","slug":"kan-selvkjorende-kjoretoy-styrke-kollektivtilbudet","status":"publish","type":"arrangementer","link":"https:\/\/its-norway.no\/en\/arrangementer\/kan-selvkjorende-kjoretoy-styrke-kollektivtilbudet\/","title":{"rendered":"Kan selvkj\u00f8rende kj\u00f8ret\u00f8y styrke kollektivtilbudet?"},"content":{"rendered":"\n<p class=\"has-intro-font-size\">SmartFeeder er et forskningsprosjekt (2017-2020) innen automatisert transport. Prosjektet skal skape kunnskap om hvordan selvkj\u00f8rende kj\u00f8ret\u00f8y kan bidra til et bedre kollektivtilbud gjennom \u00e5 dekke den f\u00f8rste og siste etappen av en reise.<\/p>\n\n\n\n<p><a href=\"https:\/\/www.tekna.no\/kurs\/kan-selvkjorende-kjoretoy-styrke-kollektivtilbudet-41310\/\" target=\"_blank\" rel=\"noreferrer noopener\">Les mer p\u00e5 Tekna sine sider<\/a>&gt;&gt;<\/p>\n\n\n\n<h2 class=\"wp-block-heading\">Opptak fra webinaret den 15. februar om SmartFeeder prosjektet. <\/h2>\n\n\n\n<figure class=\"wp-block-embed is-type-video is-provider-youtube wp-block-embed-youtube wp-embed-aspect-16-9 wp-has-aspect-ratio\"><div class=\"wp-block-embed__wrapper\">\n<iframe loading=\"lazy\" title=\"Kan selvkj\u00f8rende kj\u00f8ret\u00f8y styrke kollektivtilbudet? SmartFeeder sluttseminar\" width=\"500\" height=\"281\" src=\"https:\/\/www.youtube.com\/embed\/AQvz2LrU1VM?feature=oembed\" frameborder=\"0\" allow=\"accelerometer; autoplay; clipboard-write; encrypted-media; gyroscope; picture-in-picture; web-share\" referrerpolicy=\"strict-origin-when-cross-origin\" allowfullscreen><\/iframe>\n<\/div><\/figure>\n\n\n<div class=\"its-accordion\">\n  <div class=\"its-accordion__toggler\">\n    <div class=\"its-accordion__btn\" aria-label=\"Show\/Hide content forPresentasjoner \">\n      <span class=\"its-accordion__btn__line\"><\/span>\n      <span class=\"its-accordion__btn__line\"><\/span>\n    <\/div>\n\n    <h4 class=\"its-accordion__title\">Presentasjoner <\/h4>\n  <\/div>\n    \n  <div class=\"its-accordion__content js-its-accordion-content\">\n    \n<div class=\"its-filelist\">\n\t\t  \t  \t\t  \t<a href=\"https:\/\/its-norway.no\/wp-content\/uploads\/2021\/01\/1-Lone-Lervag-SmartFeeder-Sluttseminar_150221.pdf\" class=\"its-filelist__item its-filelist__item--file\" download>\n\t  \t\t<span class=\"its-filelist__item__name\">\n\t  \t\t\t1-lone-lervag-smartfeeder-sluttseminar_150221<br>\t  \t\t<\/span>\n\t  \t\t<span class=\"its-filelist__item__filetype\">\n\t  \t\t\t\t  \t\t\t\tpdf\t  \t\t\t\t  \t\t<\/span>\n\t  \t\t<span class=\"its-filelist__item__action\">\n\t  \t\t\t<span>\n\t  \t\t\t\t\t  \t\t\t\t\tDownload  \t\t\t\t\t\t  \t\t\t<\/span>\n\t  \t\t<\/span>\n\t  \t<\/a>\n\t  \t\t  \t  \t\t  \t<a href=\"https:\/\/its-norway.no\/wp-content\/uploads\/2021\/01\/2-Linn-Terese-Marken-Forus-PRT-Smartfeeder-15.02.2021.pdf\" class=\"its-filelist__item its-filelist__item--file\" download>\n\t  \t\t<span class=\"its-filelist__item__name\">\n\t  \t\t\t2-linn-terese-marken-forus-prt-smartfeeder-15\t  \t\t<\/span>\n\t  \t\t<span class=\"its-filelist__item__filetype\">\n\t  \t\t\t\t  \t\t\t\tpdf\t  \t\t\t\t  \t\t<\/span>\n\t  \t\t<span class=\"its-filelist__item__action\">\n\t  \t\t\t<span>\n\t  \t\t\t\t\t  \t\t\t\t\tDownload  \t\t\t\t\t\t  \t\t\t<\/span>\n\t  \t\t<\/span>\n\t  \t<\/a>\n\t  \t\t  \t  \t\t  \t<a href=\"https:\/\/its-norway.no\/wp-content\/uploads\/2021\/01\/3-Olav-Madland-Smart_Feeder_avslutning_Seminar-150221.pdf\" class=\"its-filelist__item its-filelist__item--file\" download>\n\t  \t\t<span class=\"its-filelist__item__name\">\n\t  \t\t\t3-olav-madland-smart_feeder_avslutning_seminar-150221\t  \t\t<\/span>\n\t  \t\t<span class=\"its-filelist__item__filetype\">\n\t  \t\t\t\t  \t\t\t\tpdf\t  \t\t\t\t  \t\t<\/span>\n\t  \t\t<span class=\"its-filelist__item__action\">\n\t  \t\t\t<span>\n\t  \t\t\t\t\t  \t\t\t\t\tDownload  \t\t\t\t\t\t  \t\t\t<\/span>\n\t  \t\t<\/span>\n\t  \t<\/a>\n\t  \t\t  \t  \t\t  \t<a href=\"https:\/\/its-norway.no\/wp-content\/uploads\/2021\/01\/4-Frode-Kjos-SmartFeeder-avslutningsseminar.pdf\" class=\"its-filelist__item its-filelist__item--file\" download>\n\t  \t\t<span class=\"its-filelist__item__name\">\n\t  \t\t\t4-frode-kjos-smartfeeder-avslutningsseminar\t  \t\t<\/span>\n\t  \t\t<span class=\"its-filelist__item__filetype\">\n\t  \t\t\t\t  \t\t\t\tpdf\t  \t\t\t\t  \t\t<\/span>\n\t  \t\t<span class=\"its-filelist__item__action\">\n\t  \t\t\t<span>\n\t  \t\t\t\t\t  \t\t\t\t\tDownload  \t\t\t\t\t\t  \t\t\t<\/span>\n\t  \t\t<\/span>\n\t  \t<\/a>\n\t  \t\t  \t  \t\t  \t<a href=\"https:\/\/its-norway.no\/wp-content\/uploads\/2021\/01\/5-Gunnar-D-Jenssen-GDJ-SINTEF-Final-TS-smartFeeder-Wshop.pdf\" class=\"its-filelist__item its-filelist__item--file\" download>\n\t  \t\t<span class=\"its-filelist__item__name\">\n\t  \t\t\t5-gunnar-d-jenssen-gdj-sintef-final-ts-smartfeeder-wshop\t  \t\t<\/span>\n\t  \t\t<span class=\"its-filelist__item__filetype\">\n\t  \t\t\t\t  \t\t\t\tpdf\t  \t\t\t\t  \t\t<\/span>\n\t  \t\t<span class=\"its-filelist__item__action\">\n\t  \t\t\t<span>\n\t  \t\t\t\t\t  \t\t\t\t\tDownload  \t\t\t\t\t\t  \t\t\t<\/span>\n\t  \t\t<\/span>\n\t  \t<\/a>\n\t  \t\t  \t  \t\t  \t<a href=\"https:\/\/its-norway.no\/wp-content\/uploads\/2021\/01\/6-Trond-Hovland-2021-02-15-Smartfeeder-avslutningsseminar-.pdf\" class=\"its-filelist__item its-filelist__item--file\" download>\n\t  \t\t<span class=\"its-filelist__item__name\">\n\t  \t\t\t6-trond-hovland-2021-02-15-smartfeeder-avslutningsseminar-\t  \t\t<\/span>\n\t  \t\t<span class=\"its-filelist__item__filetype\">\n\t  \t\t\t\t  \t\t\t\tpdf\t  \t\t\t\t  \t\t<\/span>\n\t  \t\t<span class=\"its-filelist__item__action\">\n\t  \t\t\t<span>\n\t  \t\t\t\t\t  \t\t\t\t\tDownload  \t\t\t\t\t\t  \t\t\t<\/span>\n\t  \t\t<\/span>\n\t  \t<\/a>\n\t  \t\t  \t  \t\t  \t<a href=\"https:\/\/its-norway.no\/wp-content\/uploads\/2021\/01\/7-Gry-Johansen-150221-Staten-som-tilrettelegger.pdf\" class=\"its-filelist__item its-filelist__item--file\" download>\n\t  \t\t<span class=\"its-filelist__item__name\">\n\t  \t\t\t7-gry-johansen-150221-staten-som-tilrettelegger\t  \t\t<\/span>\n\t  \t\t<span class=\"its-filelist__item__filetype\">\n\t  \t\t\t\t  \t\t\t\tpdf\t  \t\t\t\t  \t\t<\/span>\n\t  \t\t<span class=\"its-filelist__item__action\">\n\t  \t\t\t<span>\n\t  \t\t\t\t\t  \t\t\t\t\tDownload  \t\t\t\t\t\t  \t\t\t<\/span>\n\t  \t\t<\/span>\n\t  \t<\/a>\n\t  \t\t  \t  \t\t  \t<a href=\"https:\/\/its-norway.no\/wp-content\/uploads\/2021\/01\/8-Ragnhild-Wahl-20210215_sluttseminar_RW-.pdf\" class=\"its-filelist__item its-filelist__item--file\" download>\n\t  \t\t<span class=\"its-filelist__item__name\">\n\t  \t\t\t8-ragnhild-wahl-20210215_sluttseminar_rw-\t  \t\t<\/span>\n\t  \t\t<span class=\"its-filelist__item__filetype\">\n\t  \t\t\t\t  \t\t\t\tpdf\t  \t\t\t\t  \t\t<\/span>\n\t  \t\t<span class=\"its-filelist__item__action\">\n\t  \t\t\t<span>\n\t  \t\t\t\t\t  \t\t\t\t\tDownload  \t\t\t\t\t\t  \t\t\t<\/span>\n\t  \t\t<\/span>\n\t  \t<\/a>\n\t  \t<\/div>\n\n\n\n<p><\/p>\n\n  <\/div>\n<\/div>\n\n\n<p><\/p>\n","protected":false},"featured_media":0,"template":"","meta":{"_acf_changed":false},"class_list":["post-2946","arrangementer","type-arrangementer","status-publish","hentry"],"acf":{"start_date":"2021-02-15","end_date":"2021-02-15","city":"","street":"","webinar":true},"yoast_head":"<!-- This site is optimized with the Yoast SEO plugin v27.3 - https:\/\/yoast.com\/product\/yoast-seo-wordpress\/ -->\n<title>Kan selvkj\u00f8rende kj\u00f8ret\u00f8y styrke kollektivtilbudet? - ITS Norway<\/title>\n<meta name=\"robots\" content=\"index, follow, max-snippet:-1, max-image-preview:large, max-video-preview:-1\" \/>\n<link rel=\"canonical\" href=\"https:\/\/its-norway.no\/en\/arrangementer\/kan-selvkjorende-kjoretoy-styrke-kollektivtilbudet\/\" \/>\n<meta property=\"og:locale\" content=\"en_US\" \/>\n<meta property=\"og:type\" content=\"article\" \/>\n<meta property=\"og:title\" content=\"Kan selvkj\u00f8rende kj\u00f8ret\u00f8y styrke kollektivtilbudet? - ITS Norway\" \/>\n<meta property=\"og:description\" content=\"SmartFeeder er et forskningsprosjekt (2017-2020) innen automatisert transport. Prosjektet skal skape kunnskap om hvordan selvkj\u00f8rende kj\u00f8ret\u00f8y kan bidra til et...\" \/>\n<meta property=\"og:url\" content=\"https:\/\/its-norway.no\/en\/arrangementer\/kan-selvkjorende-kjoretoy-styrke-kollektivtilbudet\/\" \/>\n<meta property=\"og:site_name\" content=\"ITS Norway\" \/>\n<meta property=\"article:modified_time\" content=\"2021-02-17T12:11:28+00:00\" \/>\n<meta name=\"twitter:card\" content=\"summary_large_image\" \/>\n<meta name=\"twitter:label1\" content=\"Est. reading time\" \/>\n\t<meta name=\"twitter:data1\" content=\"1 minute\" \/>\n<script type=\"application\/ld+json\" class=\"yoast-schema-graph\">{\"@context\":\"https:\\\/\\\/schema.org\",\"@graph\":[{\"@type\":\"WebPage\",\"@id\":\"https:\\\/\\\/its-norway.no\\\/en\\\/arrangementer\\\/kan-selvkjorende-kjoretoy-styrke-kollektivtilbudet\\\/\",\"url\":\"https:\\\/\\\/its-norway.no\\\/en\\\/arrangementer\\\/kan-selvkjorende-kjoretoy-styrke-kollektivtilbudet\\\/\",\"name\":\"Kan selvkj\u00f8rende kj\u00f8ret\u00f8y styrke kollektivtilbudet? - ITS Norway\",\"isPartOf\":{\"@id\":\"https:\\\/\\\/its-norway.no\\\/en\\\/#website\"},\"datePublished\":\"2021-01-27T18:48:21+00:00\",\"dateModified\":\"2021-02-17T12:11:28+00:00\",\"breadcrumb\":{\"@id\":\"https:\\\/\\\/its-norway.no\\\/en\\\/arrangementer\\\/kan-selvkjorende-kjoretoy-styrke-kollektivtilbudet\\\/#breadcrumb\"},\"inLanguage\":\"en-US\",\"potentialAction\":[{\"@type\":\"ReadAction\",\"target\":[\"https:\\\/\\\/its-norway.no\\\/en\\\/arrangementer\\\/kan-selvkjorende-kjoretoy-styrke-kollektivtilbudet\\\/\"]}]},{\"@type\":\"BreadcrumbList\",\"@id\":\"https:\\\/\\\/its-norway.no\\\/en\\\/arrangementer\\\/kan-selvkjorende-kjoretoy-styrke-kollektivtilbudet\\\/#breadcrumb\",\"itemListElement\":[{\"@type\":\"ListItem\",\"position\":1,\"name\":\"Hjem\",\"item\":\"https:\\\/\\\/its-norway.no\\\/en\\\/\"},{\"@type\":\"ListItem\",\"position\":2,\"name\":\"Arrangementer\",\"item\":\"https:\\\/\\\/its-norway.no\\\/en\\\/arrangementer\\\/\"},{\"@type\":\"ListItem\",\"position\":3,\"name\":\"Kan selvkj\u00f8rende kj\u00f8ret\u00f8y styrke kollektivtilbudet?\"}]},{\"@type\":\"WebSite\",\"@id\":\"https:\\\/\\\/its-norway.no\\\/en\\\/#website\",\"url\":\"https:\\\/\\\/its-norway.no\\\/en\\\/\",\"name\":\"ITS Norway\",\"description\":\"Intelligente transportsystemer\",\"potentialAction\":[{\"@type\":\"SearchAction\",\"target\":{\"@type\":\"EntryPoint\",\"urlTemplate\":\"https:\\\/\\\/its-norway.no\\\/en\\\/?s={search_term_string}\"},\"query-input\":{\"@type\":\"PropertyValueSpecification\",\"valueRequired\":true,\"valueName\":\"search_term_string\"}}],\"inLanguage\":\"en-US\"}]}<\/script>\n<!-- \/ Yoast SEO plugin. -->","yoast_head_json":{"title":"Kan selvkj\u00f8rende kj\u00f8ret\u00f8y styrke kollektivtilbudet? - ITS Norway","robots":{"index":"index","follow":"follow","max-snippet":"max-snippet:-1","max-image-preview":"max-image-preview:large","max-video-preview":"max-video-preview:-1"},"canonical":"https:\/\/its-norway.no\/en\/arrangementer\/kan-selvkjorende-kjoretoy-styrke-kollektivtilbudet\/","og_locale":"en_US","og_type":"article","og_title":"Kan selvkj\u00f8rende kj\u00f8ret\u00f8y styrke kollektivtilbudet? - ITS Norway","og_description":"SmartFeeder er et forskningsprosjekt (2017-2020) innen automatisert transport. Prosjektet skal skape kunnskap om hvordan selvkj\u00f8rende kj\u00f8ret\u00f8y kan bidra til et...","og_url":"https:\/\/its-norway.no\/en\/arrangementer\/kan-selvkjorende-kjoretoy-styrke-kollektivtilbudet\/","og_site_name":"ITS Norway","article_modified_time":"2021-02-17T12:11:28+00:00","twitter_card":"summary_large_image","twitter_misc":{"Est. reading time":"1 minute"},"schema":{"@context":"https:\/\/schema.org","@graph":[{"@type":"WebPage","@id":"https:\/\/its-norway.no\/en\/arrangementer\/kan-selvkjorende-kjoretoy-styrke-kollektivtilbudet\/","url":"https:\/\/its-norway.no\/en\/arrangementer\/kan-selvkjorende-kjoretoy-styrke-kollektivtilbudet\/","name":"Kan selvkj\u00f8rende kj\u00f8ret\u00f8y styrke kollektivtilbudet? - ITS Norway","isPartOf":{"@id":"https:\/\/its-norway.no\/en\/#website"},"datePublished":"2021-01-27T18:48:21+00:00","dateModified":"2021-02-17T12:11:28+00:00","breadcrumb":{"@id":"https:\/\/its-norway.no\/en\/arrangementer\/kan-selvkjorende-kjoretoy-styrke-kollektivtilbudet\/#breadcrumb"},"inLanguage":"en-US","potentialAction":[{"@type":"ReadAction","target":["https:\/\/its-norway.no\/en\/arrangementer\/kan-selvkjorende-kjoretoy-styrke-kollektivtilbudet\/"]}]},{"@type":"BreadcrumbList","@id":"https:\/\/its-norway.no\/en\/arrangementer\/kan-selvkjorende-kjoretoy-styrke-kollektivtilbudet\/#breadcrumb","itemListElement":[{"@type":"ListItem","position":1,"name":"Hjem","item":"https:\/\/its-norway.no\/en\/"},{"@type":"ListItem","position":2,"name":"Arrangementer","item":"https:\/\/its-norway.no\/en\/arrangementer\/"},{"@type":"ListItem","position":3,"name":"Kan selvkj\u00f8rende kj\u00f8ret\u00f8y styrke kollektivtilbudet?"}]},{"@type":"WebSite","@id":"https:\/\/its-norway.no\/en\/#website","url":"https:\/\/its-norway.no\/en\/","name":"ITS Norway","description":"Intelligente transportsystemer","potentialAction":[{"@type":"SearchAction","target":{"@type":"EntryPoint","urlTemplate":"https:\/\/its-norway.no\/en\/?s={search_term_string}"},"query-input":{"@type":"PropertyValueSpecification","valueRequired":true,"valueName":"search_term_string"}}],"inLanguage":"en-US"}]}},"start_date":"2021-02-15","start_date_formatted":"15. February 2021","end_date":"2021-02-15","_links":{"self":[{"href":"https:\/\/its-norway.no\/en\/wp-json\/wp\/v2\/arrangementer\/2946","targetHints":{"allow":["GET"]}}],"collection":[{"href":"https:\/\/its-norway.no\/en\/wp-json\/wp\/v2\/arrangementer"}],"about":[{"href":"https:\/\/its-norway.no\/en\/wp-json\/wp\/v2\/types\/arrangementer"}],"wp:attachment":[{"href":"https:\/\/its-norway.no\/en\/wp-json\/wp\/v2\/media?parent=2946"}],"curies":[{"name":"wp","href":"https:\/\/api.w.org\/{rel}","templated":true}]}}