{"id":2947,"date":"2021-01-27T19:49:33","date_gmt":"2021-01-27T18:49:33","guid":{"rendered":"https:\/\/its-norway.no\/?post_type=arrangementer&#038;p=2947"},"modified":"2021-02-11T21:30:31","modified_gmt":"2021-02-11T20:30:31","slug":"selvstyrt-luftfart-kommer-na-bygges-luftens-motorveier","status":"publish","type":"arrangementer","link":"https:\/\/its-norway.no\/en\/arrangementer\/selvstyrt-luftfart-kommer-na-bygges-luftens-motorveier\/","title":{"rendered":"Selvstyrt luftfart kommer \u2013 n\u00e5 bygges \u00abluftens motorveier\u00bb"},"content":{"rendered":"\n<p class=\"has-intro-font-size\">Urban Air Mobility &#8211; UAM er definert som transport i tilordnede og godkjente luftkorridorer. UAM-l\u00f8sninger skal avlaste det vegbaserte transportsystemet ved \u00e5 tilby integrert, trygg og kliman\u00f8ytral transport b\u00e5de i byomr\u00e5der og i regioner.<\/p>\n\n\n\n<p>Les mer p\u00e5 Tekna sine sider: <a href=\"https:\/\/www.tekna.no\/kurs\/selvstyrt-luftfart--kommer--na-bygges-luftens-motorveier-41264\/\" target=\"_blank\" rel=\"noreferrer noopener\">https:\/\/www.tekna.no\/kurs\/selvstyrt-luftfart&#8211;kommer&#8211;na-bygges-luftens-motorveier-41264\/<\/a><\/p>\n\n\n\n<h2 class=\"wp-block-heading\">Opptakt fra ITS Norway fagwebinar om UAM den 11. februar<\/h2>\n\n\n\n<figure class=\"wp-block-embed is-type-video is-provider-youtube wp-block-embed-youtube wp-embed-aspect-16-9 wp-has-aspect-ratio\"><div class=\"wp-block-embed__wrapper\">\n<iframe loading=\"lazy\" title=\"ITS Norway fagwebinar: Selvstyrt luftfart kommer \u2013 n\u00e5 bygges \u00abluftens motorveier\u00bb\" width=\"500\" height=\"281\" src=\"https:\/\/www.youtube.com\/embed\/s-dh6KExk8M?feature=oembed\" frameborder=\"0\" allow=\"accelerometer; autoplay; clipboard-write; encrypted-media; gyroscope; picture-in-picture; web-share\" referrerpolicy=\"strict-origin-when-cross-origin\" allowfullscreen><\/iframe>\n<\/div><\/figure>\n\n\n<div class=\"its-accordion\">\n  <div class=\"its-accordion__toggler\">\n    <div class=\"its-accordion__btn\" aria-label=\"Show\/Hide content forPresentasjoner fra fagwebinaret den 11. februar\">\n      <span class=\"its-accordion__btn__line\"><\/span>\n      <span class=\"its-accordion__btn__line\"><\/span>\n    <\/div>\n\n    <h4 class=\"its-accordion__title\">Presentasjoner fra fagwebinaret den 11. februar<\/h4>\n  <\/div>\n    \n  <div class=\"its-accordion__content js-its-accordion-content\">\n    \n<div class=\"its-filelist\">\n\t\t  \t  \t\t  \t<a href=\"https:\/\/its-norway.no\/wp-content\/uploads\/2021\/01\/1-Ingar-Vaskinn-21.02.11-UAM-workshop.pdf\" class=\"its-filelist__item its-filelist__item--file\" download>\n\t  \t\t<span class=\"its-filelist__item__name\">\n\t  \t\t\t1-ingar-vaskinn-21\t  \t\t<\/span>\n\t  \t\t<span class=\"its-filelist__item__filetype\">\n\t  \t\t\t\t  \t\t\t\tpdf\t  \t\t\t\t  \t\t<\/span>\n\t  \t\t<span class=\"its-filelist__item__action\">\n\t  \t\t\t<span>\n\t  \t\t\t\t\t  \t\t\t\t\tDownload  \t\t\t\t\t\t  \t\t\t<\/span>\n\t  \t\t<\/span>\n\t  \t<\/a>\n\t  \t\t  \t  \t\t  \t<a href=\"https:\/\/its-norway.no\/wp-content\/uploads\/2021\/01\/2-Axel-Knutsen-UTM-Generelt-110221.pdf\" class=\"its-filelist__item its-filelist__item--file\" download>\n\t  \t\t<span class=\"its-filelist__item__name\">\n\t  \t\t\t2-axel-knutsen-utm-generelt-110221\t  \t\t<\/span>\n\t  \t\t<span class=\"its-filelist__item__filetype\">\n\t  \t\t\t\t  \t\t\t\tpdf\t  \t\t\t\t  \t\t<\/span>\n\t  \t\t<span class=\"its-filelist__item__action\">\n\t  \t\t\t<span>\n\t  \t\t\t\t\t  \t\t\t\t\tDownload  \t\t\t\t\t\t  \t\t\t<\/span>\n\t  \t\t<\/span>\n\t  \t<\/a>\n\t  \t\t  \t  \t\t  \t<a href=\"https:\/\/its-norway.no\/wp-content\/uploads\/2021\/01\/3-Mikael-Rydberg-Indra-om-UTM-for-UAM-Kongsberg-110221.pdf\" class=\"its-filelist__item its-filelist__item--file\" download>\n\t  \t\t<span class=\"its-filelist__item__name\">\n\t  \t\t\t3-mikael-rydberg-indra-om-utm-for-uam-kongsberg-110221\t  \t\t<\/span>\n\t  \t\t<span class=\"its-filelist__item__filetype\">\n\t  \t\t\t\t  \t\t\t\tpdf\t  \t\t\t\t  \t\t<\/span>\n\t  \t\t<span class=\"its-filelist__item__action\">\n\t  \t\t\t<span>\n\t  \t\t\t\t\t  \t\t\t\t\tDownload  \t\t\t\t\t\t  \t\t\t<\/span>\n\t  \t\t<\/span>\n\t  \t<\/a>\n\t  \t\t  \t  \t\t  \t<a href=\"https:\/\/its-norway.no\/wp-content\/uploads\/2021\/01\/4-Kimmo-Paajanen-Arctic-Drone-Labs-110221.pdf\" class=\"its-filelist__item its-filelist__item--file\" download>\n\t  \t\t<span class=\"its-filelist__item__name\">\n\t  \t\t\t4-kimmo-paajanen-arctic-drone-labs-110221\t  \t\t<\/span>\n\t  \t\t<span class=\"its-filelist__item__filetype\">\n\t  \t\t\t\t  \t\t\t\tpdf\t  \t\t\t\t  \t\t<\/span>\n\t  \t\t<span class=\"its-filelist__item__action\">\n\t  \t\t\t<span>\n\t  \t\t\t\t\t  \t\t\t\t\tDownload  \t\t\t\t\t\t  \t\t\t<\/span>\n\t  \t\t<\/span>\n\t  \t<\/a>\n\t  \t\t  \t  \t\t  \t<a href=\"https:\/\/its-norway.no\/wp-content\/uploads\/2021\/01\/5-ITS-Norway-110221-Selvstyrt-luftfart-kommer.pdf\" class=\"its-filelist__item its-filelist__item--file\" download>\n\t  \t\t<span class=\"its-filelist__item__name\">\n\t  \t\t\t5-its-norway-110221-selvstyrt-luftfart-kommer\t  \t\t<\/span>\n\t  \t\t<span class=\"its-filelist__item__filetype\">\n\t  \t\t\t\t  \t\t\t\tpdf\t  \t\t\t\t  \t\t<\/span>\n\t  \t\t<span class=\"its-filelist__item__action\">\n\t  \t\t\t<span>\n\t  \t\t\t\t\t  \t\t\t\t\tDownload  \t\t\t\t\t\t  \t\t\t<\/span>\n\t  \t\t<\/span>\n\t  \t<\/a>\n\t  \t\t  \t  \t\t  \t<a href=\"https:\/\/its-norway.no\/wp-content\/uploads\/2021\/01\/6-Marie-Lundstad-20210211.pdf\" class=\"its-filelist__item its-filelist__item--file\" download>\n\t  \t\t<span class=\"its-filelist__item__name\">\n\t  \t\t\t6-marie-lundstad-20210211\t  \t\t<\/span>\n\t  \t\t<span class=\"its-filelist__item__filetype\">\n\t  \t\t\t\t  \t\t\t\tpdf\t  \t\t\t\t  \t\t<\/span>\n\t  \t\t<span class=\"its-filelist__item__action\">\n\t  \t\t\t<span>\n\t  \t\t\t\t\t  \t\t\t\t\tDownload  \t\t\t\t\t\t  \t\t\t<\/span>\n\t  \t\t<\/span>\n\t  \t<\/a>\n\t  \t<\/div>\n\n  <\/div>\n<\/div>","protected":false},"featured_media":0,"template":"","meta":{"_acf_changed":false},"class_list":["post-2947","arrangementer","type-arrangementer","status-publish","hentry"],"acf":{"start_date":"2021-02-11","end_date":"2021-02-11","city":"","street":"","webinar":true},"yoast_head":"<!-- This site is optimized with the Yoast SEO plugin v27.3 - https:\/\/yoast.com\/product\/yoast-seo-wordpress\/ -->\n<title>Selvstyrt luftfart kommer \u2013 n\u00e5 bygges \u00abluftens motorveier\u00bb - ITS Norway<\/title>\n<meta name=\"robots\" content=\"index, follow, max-snippet:-1, max-image-preview:large, max-video-preview:-1\" \/>\n<link rel=\"canonical\" href=\"https:\/\/its-norway.no\/en\/arrangementer\/selvstyrt-luftfart-kommer-na-bygges-luftens-motorveier\/\" \/>\n<meta property=\"og:locale\" content=\"en_US\" \/>\n<meta property=\"og:type\" content=\"article\" \/>\n<meta property=\"og:title\" content=\"Selvstyrt luftfart kommer \u2013 n\u00e5 bygges \u00abluftens motorveier\u00bb - ITS Norway\" \/>\n<meta property=\"og:description\" content=\"Urban Air Mobility &#8211; UAM er definert som transport i tilordnede og godkjente luftkorridorer. UAM-l\u00f8sninger skal avlaste det vegbaserte transportsystemet...\" \/>\n<meta property=\"og:url\" content=\"https:\/\/its-norway.no\/en\/arrangementer\/selvstyrt-luftfart-kommer-na-bygges-luftens-motorveier\/\" \/>\n<meta property=\"og:site_name\" content=\"ITS Norway\" \/>\n<meta property=\"article:modified_time\" content=\"2021-02-11T20:30:31+00:00\" \/>\n<meta name=\"twitter:card\" content=\"summary_large_image\" \/>\n<meta name=\"twitter:label1\" content=\"Est. reading time\" \/>\n\t<meta name=\"twitter:data1\" content=\"1 minute\" \/>\n<script type=\"application\/ld+json\" class=\"yoast-schema-graph\">{\"@context\":\"https:\\\/\\\/schema.org\",\"@graph\":[{\"@type\":\"WebPage\",\"@id\":\"https:\\\/\\\/its-norway.no\\\/en\\\/arrangementer\\\/selvstyrt-luftfart-kommer-na-bygges-luftens-motorveier\\\/\",\"url\":\"https:\\\/\\\/its-norway.no\\\/en\\\/arrangementer\\\/selvstyrt-luftfart-kommer-na-bygges-luftens-motorveier\\\/\",\"name\":\"Selvstyrt luftfart kommer \u2013 n\u00e5 bygges \u00abluftens motorveier\u00bb - ITS Norway\",\"isPartOf\":{\"@id\":\"https:\\\/\\\/its-norway.no\\\/en\\\/#website\"},\"datePublished\":\"2021-01-27T18:49:33+00:00\",\"dateModified\":\"2021-02-11T20:30:31+00:00\",\"breadcrumb\":{\"@id\":\"https:\\\/\\\/its-norway.no\\\/en\\\/arrangementer\\\/selvstyrt-luftfart-kommer-na-bygges-luftens-motorveier\\\/#breadcrumb\"},\"inLanguage\":\"en-US\",\"potentialAction\":[{\"@type\":\"ReadAction\",\"target\":[\"https:\\\/\\\/its-norway.no\\\/en\\\/arrangementer\\\/selvstyrt-luftfart-kommer-na-bygges-luftens-motorveier\\\/\"]}]},{\"@type\":\"BreadcrumbList\",\"@id\":\"https:\\\/\\\/its-norway.no\\\/en\\\/arrangementer\\\/selvstyrt-luftfart-kommer-na-bygges-luftens-motorveier\\\/#breadcrumb\",\"itemListElement\":[{\"@type\":\"ListItem\",\"position\":1,\"name\":\"Hjem\",\"item\":\"https:\\\/\\\/its-norway.no\\\/en\\\/\"},{\"@type\":\"ListItem\",\"position\":2,\"name\":\"Arrangementer\",\"item\":\"https:\\\/\\\/its-norway.no\\\/en\\\/arrangementer\\\/\"},{\"@type\":\"ListItem\",\"position\":3,\"name\":\"Selvstyrt luftfart kommer \u2013 n\u00e5 bygges \u00abluftens motorveier\u00bb\"}]},{\"@type\":\"WebSite\",\"@id\":\"https:\\\/\\\/its-norway.no\\\/en\\\/#website\",\"url\":\"https:\\\/\\\/its-norway.no\\\/en\\\/\",\"name\":\"ITS Norway\",\"description\":\"Intelligente transportsystemer\",\"potentialAction\":[{\"@type\":\"SearchAction\",\"target\":{\"@type\":\"EntryPoint\",\"urlTemplate\":\"https:\\\/\\\/its-norway.no\\\/en\\\/?s={search_term_string}\"},\"query-input\":{\"@type\":\"PropertyValueSpecification\",\"valueRequired\":true,\"valueName\":\"search_term_string\"}}],\"inLanguage\":\"en-US\"}]}<\/script>\n<!-- \/ Yoast SEO plugin. -->","yoast_head_json":{"title":"Selvstyrt luftfart kommer \u2013 n\u00e5 bygges \u00abluftens motorveier\u00bb - ITS Norway","robots":{"index":"index","follow":"follow","max-snippet":"max-snippet:-1","max-image-preview":"max-image-preview:large","max-video-preview":"max-video-preview:-1"},"canonical":"https:\/\/its-norway.no\/en\/arrangementer\/selvstyrt-luftfart-kommer-na-bygges-luftens-motorveier\/","og_locale":"en_US","og_type":"article","og_title":"Selvstyrt luftfart kommer \u2013 n\u00e5 bygges \u00abluftens motorveier\u00bb - ITS Norway","og_description":"Urban Air Mobility &#8211; UAM er definert som transport i tilordnede og godkjente luftkorridorer. UAM-l\u00f8sninger skal avlaste det vegbaserte transportsystemet...","og_url":"https:\/\/its-norway.no\/en\/arrangementer\/selvstyrt-luftfart-kommer-na-bygges-luftens-motorveier\/","og_site_name":"ITS Norway","article_modified_time":"2021-02-11T20:30:31+00:00","twitter_card":"summary_large_image","twitter_misc":{"Est. reading time":"1 minute"},"schema":{"@context":"https:\/\/schema.org","@graph":[{"@type":"WebPage","@id":"https:\/\/its-norway.no\/en\/arrangementer\/selvstyrt-luftfart-kommer-na-bygges-luftens-motorveier\/","url":"https:\/\/its-norway.no\/en\/arrangementer\/selvstyrt-luftfart-kommer-na-bygges-luftens-motorveier\/","name":"Selvstyrt luftfart kommer \u2013 n\u00e5 bygges \u00abluftens motorveier\u00bb - ITS Norway","isPartOf":{"@id":"https:\/\/its-norway.no\/en\/#website"},"datePublished":"2021-01-27T18:49:33+00:00","dateModified":"2021-02-11T20:30:31+00:00","breadcrumb":{"@id":"https:\/\/its-norway.no\/en\/arrangementer\/selvstyrt-luftfart-kommer-na-bygges-luftens-motorveier\/#breadcrumb"},"inLanguage":"en-US","potentialAction":[{"@type":"ReadAction","target":["https:\/\/its-norway.no\/en\/arrangementer\/selvstyrt-luftfart-kommer-na-bygges-luftens-motorveier\/"]}]},{"@type":"BreadcrumbList","@id":"https:\/\/its-norway.no\/en\/arrangementer\/selvstyrt-luftfart-kommer-na-bygges-luftens-motorveier\/#breadcrumb","itemListElement":[{"@type":"ListItem","position":1,"name":"Hjem","item":"https:\/\/its-norway.no\/en\/"},{"@type":"ListItem","position":2,"name":"Arrangementer","item":"https:\/\/its-norway.no\/en\/arrangementer\/"},{"@type":"ListItem","position":3,"name":"Selvstyrt luftfart kommer \u2013 n\u00e5 bygges \u00abluftens motorveier\u00bb"}]},{"@type":"WebSite","@id":"https:\/\/its-norway.no\/en\/#website","url":"https:\/\/its-norway.no\/en\/","name":"ITS Norway","description":"Intelligente transportsystemer","potentialAction":[{"@type":"SearchAction","target":{"@type":"EntryPoint","urlTemplate":"https:\/\/its-norway.no\/en\/?s={search_term_string}"},"query-input":{"@type":"PropertyValueSpecification","valueRequired":true,"valueName":"search_term_string"}}],"inLanguage":"en-US"}]}},"start_date":"2021-02-11","start_date_formatted":"11. February 2021","end_date":"2021-02-11","_links":{"self":[{"href":"https:\/\/its-norway.no\/en\/wp-json\/wp\/v2\/arrangementer\/2947","targetHints":{"allow":["GET"]}}],"collection":[{"href":"https:\/\/its-norway.no\/en\/wp-json\/wp\/v2\/arrangementer"}],"about":[{"href":"https:\/\/its-norway.no\/en\/wp-json\/wp\/v2\/types\/arrangementer"}],"wp:attachment":[{"href":"https:\/\/its-norway.no\/en\/wp-json\/wp\/v2\/media?parent=2947"}],"curies":[{"name":"wp","href":"https:\/\/api.w.org\/{rel}","templated":true}]}}